{"id":3,"date":"2019-04-24T18:50:18","date_gmt":"2019-04-24T16:50:18","guid":{"rendered":"https:\/\/katalog.aluteckk.cz\/standardniprofily\/?page_id=3"},"modified":"2019-05-15T11:56:22","modified_gmt":"2019-05-15T09:56:22","slug":"ochrana-osobnich-udaju","status":"publish","type":"page","link":"https:\/\/katalog.aluteckk.cz\/standardniprofily\/ochrana-osobnich-udaju\/","title":{"rendered":"Z\u00e1sady ochrany osobn\u00edch \u00fadaj\u016f"},"content":{"rendered":"\t\t<div data-elementor-type=\"wp-post\" data-elementor-id=\"3\" class=\"elementor elementor-3\" data-elementor-settings=\"[]\">\n\t\t\t<div class=\"elementor-inner\">\n\t\t\t\t<div class=\"elementor-section-wrap\">\n\t\t\t\t\t\t\t<section class=\"elementor-element elementor-element-32559a0 elementor-section-boxed elementor-section-height-default elementor-section-height-default elementor-section elementor-top-section\" data-id=\"32559a0\" data-element_type=\"section\">\n\t\t\t\t\t\t<div class=\"elementor-container elementor-column-gap-default\">\n\t\t\t\t<div class=\"elementor-row\">\n\t\t\t\t<div class=\"elementor-element elementor-element-677a19e elementor-column elementor-col-100 elementor-top-column\" data-id=\"677a19e\" data-element_type=\"column\">\n\t\t\t<div class=\"elementor-column-wrap  elementor-element-populated\">\n\t\t\t\t\t<div class=\"elementor-widget-wrap\">\n\t\t\t\t<div class=\"elementor-element elementor-element-7ddee79 elementor-widget elementor-widget-spacer\" data-id=\"7ddee79\" data-element_type=\"widget\" data-widget_type=\"spacer.default\">\n\t\t\t\t<div class=\"elementor-widget-container\">\n\t\t\t\t\t<div class=\"elementor-spacer\">\n\t\t\t<div class=\"elementor-spacer-inner\"><\/div>\n\t\t<\/div>\n\t\t\t\t<\/div>\n\t\t\t\t<\/div>\n\t\t\t\t\t\t<\/div>\n\t\t\t<\/div>\n\t\t<\/div>\n\t\t\t\t\t\t<\/div>\n\t\t\t<\/div>\n\t\t<\/section>\n\t\t\t\t<section class=\"elementor-element elementor-element-5eb1ab06 elementor-section-boxed elementor-section-height-default elementor-section-height-default elementor-section elementor-top-section\" data-id=\"5eb1ab06\" data-element_type=\"section\" data-settings=\"{&quot;background_background&quot;:&quot;classic&quot;}\">\n\t\t\t\t\t\t<div class=\"elementor-container elementor-column-gap-default\">\n\t\t\t\t<div class=\"elementor-row\">\n\t\t\t\t<div class=\"elementor-element elementor-element-31417f99 elementor-column elementor-col-100 elementor-top-column\" data-id=\"31417f99\" data-element_type=\"column\">\n\t\t\t<div class=\"elementor-column-wrap  elementor-element-populated\">\n\t\t\t\t\t<div class=\"elementor-widget-wrap\">\n\t\t\t\t<div class=\"elementor-element elementor-element-002b485 elementor-widget elementor-widget-heading\" data-id=\"002b485\" data-element_type=\"widget\" data-widget_type=\"heading.default\">\n\t\t\t\t<div class=\"elementor-widget-container\">\n\t\t\t<h2 class=\"elementor-heading-title elementor-size-default\">Z\u00e1sady ochrany osobn\u00edch \u00fadaj\u016f<\/h2>\t\t<\/div>\n\t\t\t\t<\/div>\n\t\t\t\t<div class=\"elementor-element elementor-element-25c78ad elementor-widget elementor-widget-divider\" data-id=\"25c78ad\" data-element_type=\"widget\" data-widget_type=\"divider.default\">\n\t\t\t\t<div class=\"elementor-widget-container\">\n\t\t\t\t\t<div class=\"elementor-divider\">\n\t\t\t<span class=\"elementor-divider-separator\">\n\t\t\t\t\t\t<\/span>\n\t\t<\/div>\n\t\t\t\t<\/div>\n\t\t\t\t<\/div>\n\t\t\t\t<div class=\"elementor-element elementor-element-46ba660c elementor-widget elementor-widget-text-editor\" data-id=\"46ba660c\" data-element_type=\"widget\" data-widget_type=\"text-editor.default\">\n\t\t\t\t<div class=\"elementor-widget-container\">\n\t\t\t\t\t<div class=\"elementor-text-editor elementor-clearfix\"><p><!-- wp:paragraph --><\/p>\n<div>Spole\u010dnosti ALUTEC KK s.r.o. platn\u00e9 a \u00fa\u010dinn\u00e9 od 25. 5. 2018<\/div>\n<div>\u00a0<\/div>\n<div>Pokud jste na\u0161\u00edm obchodn\u00edm partnerem nebo n\u00e1v\u0161t\u011bvn\u00edkem webu, sv\u011b\u0159ujete n\u00e1m sv\u00e9 osobn\u00ed \u00fadaje a st\u00e1v\u00e1te se subjektem \u00fadaj\u016f. My zodpov\u00edd\u00e1me za ochranu a\u00a0zabezpe\u010den\u00ed osobn\u00edch \u00fadaj\u016f stejn\u011b jako v p\u0159\u00edpad\u011b osobn\u00edch \u00fadaj\u016f na\u0161ich zam\u011bstnanc\u016f a uchaze\u010d\u016f o zam\u011bstn\u00e1n\u00ed. Seznamte se tedy s\u00a0ochranou osobn\u00edch \u00fadaj\u016f, z\u00e1sadami a\u00a0pr\u00e1vy, kter\u00e9 m\u00e1te v\u00a0souvislosti s\u00a0GDPR (Na\u0159\u00edzen\u00edEvropsk\u00e9ho parlamentu a Rady (EU) 2016\/679 ze dne 27. dubna 2016 o ochran\u011b fyzick\u00fdch osob v souvislosti se zpracov\u00e1n\u00edm osobn\u00edch \u00fadaj\u016f a o voln\u00e9m pohybu t\u011bchto \u00fadaj\u016f a o zru\u0161en\u00ed sm\u011brnice 95\/46\/ES (obecn\u00e9 na\u0159\u00edzen\u00ed o ochran\u011b osobn\u00edch \u00fadaj\u016f) a se Z\u00e1konem \u010d. 101\/2000 Sb. Z\u00e1kon o ochran\u011b osobn\u00edch \u00fadaj\u016f a o zm\u011bn\u011b n\u011bkter\u00fdch z\u00e1kon\u016f.<\/div>\n<p><!-- \/wp:paragraph --><!-- wp:paragraph {\"align\":\"center\"} --><\/p>\n<p style=\"text-align: center;\"><strong>I.<\/strong><\/p>\n<p><!-- \/wp:paragraph --><!-- wp:paragraph {\"align\":\"center\"} --><\/p>\n<p style=\"text-align: center;\"><strong>Spr\u00e1vce osobn\u00edch \u00fadaj\u016f<\/strong><\/p>\n<p><!-- \/wp:paragraph --><!-- wp:paragraph --><\/p>\n<p><a>Obchodn\u00ed firma\/Spr\u00e1vce osobn\u00edch \u00fadaj\u016f: <\/a><strong>ALUTEC KK s.r.o. <\/strong>(d\u00e1le jen <strong>spr\u00e1vce<\/strong>)<\/p>\n<p><!-- \/wp:paragraph --><!-- wp:paragraph --><\/p>\n<p>Spisov\u00e1 zna\u010dka: C 258187 veden\u00e1 u M\u011bstsk\u00e9ho soudu v Praze<\/p>\n<p><!-- \/wp:paragraph --><!-- wp:paragraph --><\/p>\n<p>Identifika\u010dn\u00ed \u010d\u00edslo: 015 67 942\u00a0<\/p>\n<p><!-- \/wp:paragraph --><!-- wp:paragraph --><\/p>\n<p>S\u00eddlo: Z\u00e1lu\u017esk\u00e1 120, Z\u00e1lu\u017e\u00ed, 250 88 \u010cel\u00e1kovice<\/p>\n<p><!-- \/wp:paragraph --><!-- wp:paragraph {\"align\":\"center\"} --><\/p>\n<p style=\"text-align: center;\"><strong>II.<\/strong><\/p>\n<p><!-- \/wp:paragraph --><!-- wp:paragraph {\"align\":\"center\"} --><\/p>\n<p style=\"text-align: center;\"><strong>Prohl\u00e1\u0161en\u00ed<\/strong><\/p>\n<p><!-- \/wp:paragraph --><!-- wp:paragraph --><\/p>\n<p>Prohla\u0161ujeme, \u017ee jako spr\u00e1vce va\u0161ich osobn\u00edch \u00fadaj\u016f spl\u0148ujeme ve\u0161ker\u00e9 z\u00e1konn\u00e9 povinnosti vy\u017eadovan\u00e9 platnou legislativou, zejm\u00e9na Z\u00e1konem o\u00a0ochran\u011b osobn\u00edch \u00fadaj\u016f a\u00a0GDPR, a\u00a0tedy \u017ee:<\/p>\n<p><!-- \/wp:paragraph --><!-- wp:list --><\/p>\n<ul>\n<li>Osobn\u00ed \u00fadaje zpracov\u00e1v\u00e1me pro jasn\u011b stanoven\u00fd \u00fa\u010del pouze na z\u00e1klad\u011b platn\u00e9ho pr\u00e1vn\u00edho d\u016fvodu, a\u00a0to zejm\u00e9na pln\u011bn\u00ed smlouvy, opr\u00e1vn\u011bn\u00e9ho z\u00e1jmu, z\u00e1konn\u00e9 povinnosti nebo ud\u011blen\u00e9ho souhlasu.<\/li>\n<li>Shroma\u017e\u010fujeme pouze z\u00e1kladn\u00ed osobn\u00ed \u00fadaje, nikoliv citliv\u00e9 typy osobn\u00edch \u00fadaj\u016f.<\/li>\n<li>P\u0159ijali jsme odpov\u00eddaj\u00edc\u00ed technick\u00e1 a organiza\u010dn\u00ed opat\u0159en\u00ed k\u00a0zaji\u0161t\u011bn\u00ed maxim\u00e1ln\u00ed \u00farovn\u011b zabezpe\u010den\u00ed.<\/li>\n<li>V\u0161ichni zam\u011bstnanci a zpracovatel\u00e9 osobn\u00edch \u00fadaj\u016f jsou v\u00e1z\u00e1ni ml\u010denlivost\u00ed o zpracov\u00e1van\u00fdch \u00fadaj\u00edch.<\/li>\n<li>Umo\u017en\u00edme v\u00e1m a\u00a0budeme v\u00e1s podporovat v\u00a0uplat\u0148ov\u00e1n\u00ed a\u00a0pln\u011bn\u00ed va\u0161ich pr\u00e1v podle Z\u00e1kona o\u00a0ochran\u011b osobn\u00edch \u00fadaj\u016f a\u00a0GDPR.<\/li>\n<\/ul>\n<p><!-- \/wp:list --><!-- wp:paragraph {\"align\":\"center\"} --><\/p>\n<p style=\"text-align: center;\"><strong>III.<\/strong><\/p>\n<p><!-- \/wp:paragraph --><!-- wp:paragraph {\"align\":\"center\"} --><\/p>\n<p style=\"text-align: center;\"><strong>\u00da\u010del zpracov\u00e1n\u00ed osobn\u00edch \u00fadaj\u016f spr\u00e1vcem<\/strong><\/p>\n<p><!-- \/wp:paragraph --><!-- wp:list --><\/p>\n<ul>\n<li>pln\u011bn\u00ed obchodn\u00edho vztahu (zpracov\u00e1n\u00ed popt\u00e1vek, vytv\u00e1\u0159en\u00ed nab\u00eddek, uzav\u00edr\u00e1n\u00ed objedn\u00e1vek\/smluv, realizace dod\u00e1vek, pln\u011bn\u00ed z\u00e1ru\u010dn\u00edho a poz\u00e1ru\u010dn\u00edho servisu)<\/li>\n<li>zaji\u0161\u0165ov\u00e1n\u00ed podpory prodeje zbo\u017e\u00ed v\u010detn\u011b marketingov\u00fdch zp\u016fsob\u016f<\/li>\n<li>ochrana \u017eivotn\u011b d\u016fle\u017eit\u00fdch z\u00e1jm\u016f subjektu<\/li>\n<li>ochrana pr\u00e1v spr\u00e1vce, p\u0159\u00edjemce, nebo jin\u00fdch dot\u010den\u00fdch osob (nap\u0159. vym\u00e1h\u00e1n\u00ed pohled\u00e1vek spr\u00e1vce)<\/li>\n<li>ochrana majetku, bezpe\u010dnost a\u00a0ochrany zdrav\u00ed p\u0159i\u00a0pr\u00e1ci, po\u017e\u00e1rn\u00ed ochrana<\/li>\n<li>archivnictv\u00ed veden\u00e9 na\u00a0z\u00e1klad\u011b z\u00e1kona<\/li>\n<li>nab\u00edzen\u00ed obchodu, nebo slu\u017eeb<\/li>\n<li>vytv\u00e1\u0159en\u00ed intern\u00edch datab\u00e1z\u00ed, anal\u00fdz, progn\u00f3z a\u00a0statistik<\/li>\n<li>v\u00fdb\u011brov\u00e1 \u0159\u00edzen\u00ed na\u00a0voln\u00e1 pracovn\u00ed m\u00edsta<\/li>\n<li>rozvoj lidsk\u00fdch zdroj\u016f<\/li>\n<li>pln\u011bn\u00ed z\u00e1konn\u00fdch povinnost\u00ed ze\u00a0strany spr\u00e1vce<\/li>\n<\/ul>\n<p><!-- \/wp:list --><!-- wp:paragraph {\"align\":\"center\"} --><\/p>\n<p style=\"text-align: center;\"><strong>IV.<\/strong><\/p>\n<p><!-- \/wp:paragraph --><!-- wp:paragraph {\"align\":\"center\"} --><\/p>\n<p style=\"text-align: center;\"><strong>Kategorie subjekt\u016f \u00fadaj\u016f<\/strong><\/p>\n<p><!-- \/wp:paragraph --><!-- wp:list --><\/p>\n<ul>\n<li>z\u00e1kazn\u00edci (klienti) spr\u00e1vce<\/li>\n<li>dodavatel\u00e9 slu\u017eeb<\/li>\n<li>n\u00e1v\u0161t\u011bvn\u00edci a osoby pohybuj\u00edc\u00ed se\u00a0v\u00a0are\u00e1lech spr\u00e1vce<\/li>\n<li>jin\u00e9 osoby, kter\u00e9\u00a0jsou ve\u00a0smluvn\u00edm vztahu ke\u00a0spr\u00e1vci<\/li>\n<li>zam\u011bstnanci spr\u00e1vce<\/li>\n<li>uchaze\u010di o\u00a0zam\u011bstn\u00e1n\u00ed<\/li>\n<\/ul>\n<p><!-- \/wp:list --><!-- wp:paragraph {\"align\":\"center\"} --><\/p>\n<p style=\"text-align: center;\"><strong>V.<\/strong><\/p>\n<p><!-- \/wp:paragraph --><!-- wp:paragraph {\"align\":\"center\"} --><\/p>\n<p style=\"text-align: center;\"><strong>Kategorie osobn\u00edch \u00fadaj\u016f, kter\u00e9 jsou p\u0159edm\u011btem zpracov\u00e1n\u00ed<\/strong><\/p>\n<p><!-- \/wp:paragraph --><!-- wp:paragraph --><\/p>\n<p>Osobn\u00ed \u00fadaje z\u00edsk\u00e1v\u00e1 spr\u00e1vce p\u0159\u00edmo od subjekt\u016f \u00fadaj\u016f nebo z\u00a0ve\u0159ejn\u011b p\u0159\u00edstupn\u00fdch zdroj\u016f (Obchodn\u00ed rejst\u0159\u00edk, \u017divnostensk\u00fd rejst\u0159\u00edk, internetov\u00e9 katalogy a telefonn\u00ed seznamy atd.), jde o tyto osobn\u00ed \u00fadaje:<\/p>\n<p><!-- \/wp:paragraph --><!-- wp:list --><\/p>\n<ul>\n<li>adresn\u00ed a\u00a0identifika\u010dn\u00ed \u00fadaje slou\u017e\u00edc\u00ed k\u00a0jednozna\u010dn\u00e9 a\u00a0nezam\u011bniteln\u00e9 identifikace subjektu \u00fadaj\u016f (nap\u0159. jm\u00e9no, p\u0159\u00edjmen\u00ed, titul, p\u0159\u00edpadn\u011b rodn\u00e9 \u010d\u00edslo, datum narozen\u00ed, adresa trval\u00e9ho pobytu, I\u010c, DI\u010c, \u010d\u00edsla bankovn\u00edch \u00fa\u010dt\u016f) a\u00a0\u00fadaje umo\u017e\u0148uj\u00edc\u00ed kontakt se\u00a0subjektem \u00fadaj\u016f (kontaktn\u00ed \u00fadaje &#8211; nap\u0159. kontaktn\u00ed adresa, \u010d\u00edslo telefonu, \u010d\u00edslo faxu, e-mailov\u00e1 adresa aj. obdobn\u00e9 informace)<\/li>\n<li>popisn\u00e9 \u00fadaje (nap\u0159. bankovn\u00ed spojen\u00ed)<\/li>\n<li>dal\u0161\u00ed \u00fadaje nezbytn\u00e9 pro pln\u011bn\u00ed smlouvy<\/li>\n<li>\u00fadaje poskytnut\u00e9 nad\u00a0r\u00e1mec p\u0159\u00edslu\u0161n\u00fdch z\u00e1kon\u016f zpracov\u00e1van\u00e9 v\u00a0r\u00e1mci ud\u011blen\u00e9ho souhlasu ze\u00a0strany subjektu \u00fadaj\u016f (zpracov\u00e1n\u00ed fotografi\u00ed, pou\u017eit\u00ed osobn\u00edch \u00fadaj\u016f za\u00a0\u00fa\u010delem rozvoje lidsk\u00fdch zdroj\u016f, podpisov\u00e9 vzory, fotokopie dokladu toto\u017enosti za\u00a0\u00fa\u010delem identifikace \u00fa\u010dastn\u00edka v\u00fdb\u011brov\u00e9ho \u0159\u00edzen\u00ed)<\/li>\n<\/ul>\n<p><!-- \/wp:list --><!-- wp:paragraph {\"align\":\"center\"} --><\/p>\n<p style=\"text-align: center;\"><strong>VI.<\/strong><\/p>\n<p><!-- \/wp:paragraph --><!-- wp:paragraph {\"align\":\"center\"} --><\/p>\n<p style=\"text-align: center;\"><strong>Zp\u016fsob zpracov\u00e1n\u00ed a zpracovatel\u00e9 osobn\u00edch \u00fadaj\u016f<\/strong><\/p>\n<p><!-- \/wp:paragraph --><!-- wp:paragraph --><\/p>\n<p>Osobn\u00ed \u00fadaje jsou zpracov\u00e1v\u00e1ny automatizovan\u011b i manu\u00e1ln\u011b a jsou zp\u0159\u00edstupn\u011bny zam\u011bstnanc\u016fm spr\u00e1vce, pokud je to nezbytn\u00e9 k pln\u011bn\u00ed jejich pracovn\u00edch povinnost\u00ed. D\u00e1le mohou b\u00fdt spr\u00e1vcem \u00fadaj\u016f poskytnuty k\u00a0dal\u0161\u00edmu zpracov\u00e1n\u00ed extern\u00edm poskytovatel\u016fm \u00fa\u010detn\u00edch slu\u017eeb, pr\u00e1vn\u00edch slu\u017eeb, p\u0159epravn\u00edm spole\u010dnostem, poskytovatel\u016fm po\u0161tovn\u00edch a komunika\u010dn\u00edch slu\u017eeb a slu\u017eeb elektronick\u00fdch komunikac\u00ed, pov\u011b\u0159en\u00fdm smluvn\u00edm partner\u016fm v\u00a0oblasti IT slu\u017eeb a technologi\u00ed, marketingov\u00fdch slu\u017eeb, poradensk\u00fdch slu\u017eeb a certifika\u010dn\u00edch slu\u017eeb. V\u011bt\u0161ina zpracovatel\u016f m\u00e1 k osobn\u00edm \u00fadaj\u016fm subjekt\u016f omezen\u00fd p\u0159\u00edstup pouze pro nezbytn\u00e9 \u00fa\u010dely zpracov\u00e1n\u00ed. Dle rozsahu zpracov\u00e1n\u00ed uzav\u0159el spr\u00e1vce s t\u011bmito zpracovateli Zpracovatelskou smlouvu\/Prohl\u00e1\u0161en\u00ed o ml\u010denlivosti. Seznam t\u011bchto zpracovatel\u016f poskytne spr\u00e1vce subjektu \u00fadaj\u016f na vy\u017e\u00e1d\u00e1n\u00ed.<\/p>\n<p><!-- \/wp:paragraph --><!-- wp:paragraph {\"align\":\"center\"} --><\/p>\n<p style=\"text-align: center;\"><strong>VII.<\/strong><\/p>\n<p><!-- \/wp:paragraph --><!-- wp:paragraph {\"align\":\"center\"} --><\/p>\n<p style=\"text-align: center;\"><strong>Ostatn\u00ed p\u0159\u00edjemci osobn\u00edch \u00fadaj\u016f<\/strong><\/p>\n<p><!-- \/wp:paragraph --><!-- wp:paragraph --><\/p>\n<p>Spr\u00e1vce \u00fadaj\u016f poskytuje z\u00a0d\u016fvodu st\u00e1tn\u00edho dozoru, prevence, vy\u0161et\u0159ov\u00e1n\u00ed, odhalov\u00e1n\u00ed \u010di st\u00edh\u00e1n\u00ed trestn\u00fdch \u010din\u016f nebo v\u00fdkon\u016f trest\u016f, v\u010detn\u011b ochrany p\u0159ed hrozbami pro ve\u0159ejnou bezpe\u010dnost a jejich p\u0159edch\u00e1zen\u00ed, osobn\u00ed \u00fadaje p\u0159\u00edslu\u0161n\u00fdm org\u00e1n\u016fm ve\u0159ejn\u00e9 moci nebo jin\u00fdm subjekt\u016fm, je\u017e jsou opr\u00e1vn\u011bni ke zpracov\u00e1n\u00ed osobn\u00edch \u00fadaj\u016f.<\/p>\n<p><!-- \/wp:paragraph --><!-- wp:paragraph {\"align\":\"center\"} --><\/p>\n<p style=\"text-align: center;\"><strong>VIII.<\/strong><\/p>\n<p><!-- \/wp:paragraph --><!-- wp:paragraph {\"align\":\"center\"} --><\/p>\n<p style=\"text-align: center;\"><strong>Ostatn\u00ed \u00fa\u010dely zpracov\u00e1n\u00ed<\/strong><\/p>\n<p><!-- \/wp:paragraph --><!-- wp:paragraph --><\/p>\n<p>Spr\u00e1vce \u00fadaj\u016f m\u016f\u017ee pou\u017e\u00edt poskytnut\u00e9 osobn\u00ed \u00fadaje i pro obchodn\u00ed a marketingov\u00e9 \u00fa\u010dely.<\/p>\n<p><!-- \/wp:paragraph --><!-- wp:paragraph {\"align\":\"center\"} --><\/p>\n<p style=\"text-align: center;\"><strong>IX.<\/strong><\/p>\n<p><!-- \/wp:paragraph --><!-- wp:paragraph {\"align\":\"center\"} --><\/p>\n<p style=\"text-align: center;\"><strong>Pou\u017e\u00edv\u00e1n\u00ed soubor\u016f cookies<\/strong><\/p>\n<p><!-- \/wp:paragraph --><!-- wp:paragraph --><\/p>\n<p>Pokud m\u00e1 subjekt \u00fadaj\u016f ve sv\u00e9m webov\u00e9m prohl\u00ed\u017ee\u010di povoleny cookies, zpracov\u00e1v\u00e1 spr\u00e1vce chov\u00e1n\u00ed z\u00a0cookies um\u00edst\u011bn\u00fdch na sv\u00fdch internetov\u00fdch str\u00e1nk\u00e1ch pro \u00fa\u010dely zaji\u0161t\u011bn\u00ed lep\u0161\u00edho provozu internetov\u00fdch str\u00e1nek a pro \u00fa\u010dely internetov\u00e9 reklamy spr\u00e1vce.<\/p>\n<p><!-- \/wp:paragraph --><!-- wp:paragraph --><\/p>\n<p>Pou\u017e\u00edvan\u00e9 typy soubor\u016f cookies:<\/p>\n<p><!-- \/wp:paragraph --><!-- wp:list --><\/p>\n<ul>\n<li>Funk\u010dn\u00ed cookies\u00a0jsou nutn\u00e9 pro z\u00e1kladn\u00ed funkce str\u00e1nky a uleh\u010duj\u00ed n\u00e1v\u0161t\u011bvn\u00edk\u016fm pohyb po webu. Jsou povoleny v\u017edy, jejich vyu\u017e\u00edv\u00e1n\u00ed umo\u017e\u0148uje opr\u00e1vn\u011bn\u00fd z\u00e1jem, spr\u00e1vce je povinen o jejich vyu\u017e\u00edv\u00e1n\u00ed n\u00e1v\u0161t\u011bvn\u00edky webu informovat.<\/li>\n<li>Analytick\u00e9 cookies\u00a0shroma\u017e\u010fuj\u00ed neosobn\u00ed informace, kter\u00e9 pom\u00e1haj\u00ed pochopit chov\u00e1n\u00ed n\u00e1v\u0161t\u011bvn\u00edk\u016f na webu. Pokud nen\u00ed souhlas za\u0161krtnut, je vypnuto odes\u00edl\u00e1n\u00ed dat do Google Analytics.<\/li>\n<li>Marketingov\u00e9 cookies\u00a0se vyu\u017e\u00edvaj\u00ed pro personalizaci reklamy, kter\u00e1 je relevantn\u00ed a zaj\u00edmav\u00e1 pro jednotliv\u00e9ho u\u017eivatele a t\u00edm hodnotn\u011bj\u0161\u00ed pro vydavatele a inzerenty t\u0159et\u00edch stran.<\/li>\n<\/ul>\n<p><!-- \/wp:list --><!-- wp:paragraph --><\/p>\n<p>V\u0161echny soubory cookie pou\u017e\u00edvan\u00e9 serverem spr\u00e1vce jsou pou\u017e\u00edv\u00e1ny v\u00a0souladu se sou\u010dasn\u00fdm z\u00e1konem o\u00a0cookies\u00a0EU.<\/p>\n<p><!-- \/wp:paragraph --><!-- wp:paragraph --><\/p>\n<p>Soubory cookie lze kdykoli smazat; mohou se ale ztratit ve\u0161ker\u00e9 informace, kter\u00e9 umo\u017e\u0148uj\u00ed rychlej\u0161\u00ed a efektivn\u011bj\u0161\u00ed p\u0159\u00edstup k\u00a0webu v\u010detn\u011b nastaven\u00ed personalizace.<\/p>\n<p><!-- \/wp:paragraph --><!-- wp:paragraph --><\/p>\n<p>Nastaven\u00ed pou\u017eit\u00ed soubor\u016f cookies je sou\u010d\u00e1st\u00ed internetov\u00e9ho prohl\u00ed\u017ee\u010de. V\u011bt\u0161ina prohl\u00ed\u017ee\u010d\u016f soubory cookies ve v\u00fdchoz\u00edm nastaven\u00ed automaticky p\u0159ij\u00edm\u00e1. Soubory cookies lze pomoc\u00ed webov\u00e9ho prohl\u00ed\u017ee\u010de odm\u00edtnout nebo je omezit na vybran\u00e9\u00a0typy.<\/p>\n<p><!-- \/wp:paragraph --><!-- wp:paragraph --><\/p>\n<p>Informace o\u00a0prohl\u00ed\u017ee\u010d\u00edch a o\u00a0zp\u016fsobu nastaven\u00ed p\u0159edvoleb pro soubory cookie lze nal\u00e9zt v\u00a0dokumentaci internetov\u00fdch prohl\u00ed\u017ee\u010d\u016f nebo na n\u00e1sleduj\u00edc\u00edch webov\u00fdch str\u00e1nk\u00e1ch:<\/p>\n<p><!-- \/wp:paragraph --><!-- wp:list --><\/p>\n<ul>\n<li>Chrome (<a href=\"https:\/\/support.google.com\/accounts\/answer\/61416?hl=cs\" target=\"_blank\" rel=\"noreferrer noopener\">odkaz<\/a>)<\/li>\n<li>Firefox (<a href=\"https:\/\/support.mozilla.org\/cs\/kb\/cookies-informace-ktere-si-weby-ukladaji-do-vaseho\" target=\"_blank\" rel=\"noreferrer noopener\">odkaz<\/a>)<\/li>\n<li>Internet Explorer (<a href=\"https:\/\/support.microsoft.com\/cs-cz\/help\/17442\/windows-internet-explorer-delete-manage-cookies\" target=\"_blank\" rel=\"noreferrer noopener\">odkaz<\/a>)<\/li>\n<li>Microsoft Edge (<a href=\"http:\/\/www.thewindowsclub.com\/allow-or-block-cookies-in-microsoft-edge\" target=\"_blank\" rel=\"noreferrer noopener\">odkaz<\/a>)<\/li>\n<li>Opera (<a href=\"https:\/\/www.opera.com\/help\/tutorials\/security\/privacy\/\" target=\"_blank\" rel=\"noreferrer noopener\">odkaz<\/a>)<\/li>\n<li>Safari (<a href=\"https:\/\/support.apple.com\/kb\/ph21411?locale=cs_CZ\" target=\"_blank\" rel=\"noreferrer noopener\">odkaz<\/a>)<\/li>\n<li>Android (<a href=\"https:\/\/support.google.com\/chrome\/answer\/2392709?visit_id=1-636270856459123937-2696746637&amp;rd=1&amp;co=GENIE.Platform%3DAndroid&amp;oco=1\" target=\"_blank\" rel=\"noreferrer noopener\">odkaz<\/a>)<\/li>\n<li>Iphone a Ipad (<a href=\"https:\/\/support.google.com\/accounts\/answer\/61416?hl=cs&amp;co=GENIE.Platform%3DiOS&amp;oco=1\" target=\"_blank\" rel=\"noreferrer noopener\">odkaz<\/a>)<\/li>\n<\/ul>\n<p><!-- \/wp:list --><!-- wp:paragraph {\"align\":\"center\"} --><\/p>\n<p style=\"text-align: center;\"><strong>X.<\/strong><\/p>\n<p><!-- \/wp:paragraph --><!-- wp:paragraph {\"align\":\"center\"} --><\/p>\n<p style=\"text-align: center;\"><strong>Doba zpracov\u00e1n\u00ed osobn\u00edch \u00fadaj\u016f<\/strong><\/p>\n<p><!-- \/wp:paragraph --><!-- wp:paragraph --><\/p>\n<p>Spr\u00e1vce \u00fadaj\u016f uchov\u00e1v\u00e1 osobn\u00ed \u00fadaje po dobu trv\u00e1n\u00ed pln\u011bn\u00ed smluvn\u00edho vztahu a d\u00e1le po dobu, kterou mu ukl\u00e1daj\u00ed z\u00e1konn\u00e9 p\u0159edpisy. V p\u0159\u00edpad\u011b zpracov\u00e1n\u00ed osobn\u00edch \u00fadaj\u016f na z\u00e1klad\u011b souhlasu do vznesen\u00ed po\u017eadavku na ukon\u010den\u00ed dal\u0161\u00edho zpracov\u00e1n\u00ed t\u011bchto \u00fadaj\u016f.<\/p>\n<p><!-- \/wp:paragraph --><!-- wp:paragraph {\"align\":\"center\"} --><\/p>\n<p style=\"text-align: center;\"><strong>XI.<\/strong><\/p>\n<p><!-- \/wp:paragraph --><!-- wp:paragraph {\"align\":\"center\"} --><\/p>\n<p style=\"text-align: center;\"><strong>Pr\u00e1va subjektu osobn\u00edch \u00fadaj\u016f<\/strong><\/p>\n<p><!-- \/wp:paragraph --><!-- wp:paragraph --><\/p>\n<p>V souvislosti s\u00a0ochranou osobn\u00edch \u00fadaj\u016f m\u00e1 subjekt \u00fadaj\u016f \u0159adu pr\u00e1v. Pokud budete cht\u00edt n\u011bkter\u00e9ho z\u00a0t\u011bchto pr\u00e1v vyu\u017e\u00edt, kontaktujte n\u00e1s prost\u0159ednictv\u00edm n\u00ed\u017ee uveden\u00e9ho e-mailu.\u00a0<\/p>\n<p><!-- \/wp:paragraph --><!-- wp:paragraph --><\/p>\n<p><strong>Pr\u00e1vo na informace<\/strong>: je pln\u011bno touto informa\u010dn\u00ed str\u00e1nkou se z\u00e1sadami zpracov\u00e1n\u00ed osobn\u00edch \u00fadaj\u016f.<\/p>\n<p><!-- \/wp:paragraph --><!-- wp:paragraph --><\/p>\n<p><strong>Pr\u00e1vo na p\u0159\u00edstup:<\/strong>\u00a0subjekt \u00fadaj\u016f m\u00e1 pr\u00e1vo na p\u0159\u00edstup k\u00a0osobn\u00edm \u00fadaj\u016fm, kter\u00e9 se ho t\u00fdkaj\u00ed, spr\u00e1vce \u00fadaj\u016f je povinen poskytnout kopii zpracov\u00e1van\u00fdch osobn\u00edch \u00fadaj\u016f.<\/p>\n<p><!-- \/wp:paragraph --><!-- wp:paragraph --><\/p>\n<p><strong>Pr\u00e1vo na dopln\u011bn\u00ed a opravu: <\/strong>subjekt \u00fadaj\u016f m\u00e1 pr\u00e1vo na to, aby spr\u00e1vce \u00fadaj\u016f bez zbyte\u010dn\u00e9ho odkladu opravil nebo doplnil nep\u0159esn\u00e9 osobn\u00ed \u00fadaje, kter\u00e9 se ho t\u00fdkaj\u00ed.<\/p>\n<p><!-- \/wp:paragraph --><!-- wp:paragraph --><\/p>\n<p><strong>Pr\u00e1vo na omezen\u00ed zpracov\u00e1n\u00ed<\/strong> \u2013 subjekt \u00fadaj\u016f m\u00e1 pr\u00e1vo na to, aby spr\u00e1vce \u00fadaj\u016f v\u00a0od\u016fvodn\u011bn\u00fdch p\u0159\u00edpadech omezil zpracov\u00e1n\u00ed osobn\u00edch \u00fadaj\u016f.<\/p>\n<p><!-- \/wp:paragraph --><!-- wp:paragraph --><\/p>\n<p><strong>Pr\u00e1vo na p\u0159enositelnost osobn\u00edch \u00fadaj\u016f<\/strong> \u2013 subjekt \u00fadaj\u016f m\u00e1 pr\u00e1vo z\u00edskat osobn\u00ed \u00fadaje, kter\u00e9 se ho t\u00fdkaj\u00ed, ve strukturovan\u00e9, b\u011b\u017en\u011b pou\u017e\u00edvan\u00e9m a strojov\u011b \u010diteln\u00e9m form\u00e1tu, a pr\u00e1vo p\u0159edat tyto \u00fadaje jin\u00e9mu spr\u00e1vci.<\/p>\n<p><!-- \/wp:paragraph --><!-- wp:paragraph --><\/p>\n<p><strong>Pr\u00e1vo na v\u00fdmaz <\/strong>\u2013 subjekt \u00fadaj\u016f m\u00e1 pr\u00e1vo na to, aby spr\u00e1vce \u00fadaj\u016f bez zbyte\u010dn\u00e9ho odkladu vymazal osobn\u00ed \u00fadaje, kter\u00e9 se ho t\u00fdkaj\u00ed, pokud:<\/p>\n<p><!-- \/wp:paragraph --><!-- wp:list --><\/p>\n<ul>\n<li>osobn\u00ed \u00fadaje nejsou pot\u0159ebn\u00e9 pro \u00fa\u010dely, pro kter\u00e9 byly zpracov\u00e1v\u00e1ny<\/li>\n<li>subjekt \u00fadaj\u016f odvol\u00e1 souhlas k\u00a0zpracov\u00e1n\u00ed osobn\u00edch \u00fadaj\u016f<\/li>\n<li>subjekt \u00fadaj\u016f vznese n\u00e1mitky proti zpracov\u00e1n\u00ed<\/li>\n<li>osobn\u00ed \u00fadaje byly zpracov\u00e1ny protipr\u00e1vn\u011b<\/li>\n<li>uchov\u00e1n\u00ed osobn\u00edch \u00fadaj\u016f nep\u0159edepisuj\u00ed dal\u0161\u00ed relevantn\u00ed z\u00e1konn\u00e9 p\u0159edpisy<\/li>\n<li>se nejedn\u00e1 o ve\u0159ejn\u00fd z\u00e1jem v\u00a0oblasti ve\u0159ejn\u00e9ho zdrav\u00ed, archivace, v\u011bdeck\u00e9ho \u010di historick\u00e9ho v\u00fdzkumu, statistiky<\/li>\n<li>se nejedn\u00e1 o v\u00fdkon nebo obhajobu pr\u00e1vn\u00edch n\u00e1rok\u016f.<\/li>\n<\/ul>\n<p><!-- \/wp:list --><!-- wp:paragraph --><\/p>\n<p><strong>Pr\u00e1vo podat st\u00ed\u017enost u dozorov\u00e9ho \u00fa\u0159adu <\/strong>\u2013 subjekt \u00fadaj\u016f m\u00e1 pr\u00e1vo podat st\u00ed\u017enost u dozorov\u00e9ho \u00fa\u0159adu, tzn. \u00da\u0159adu pro ochranu osobn\u00edch \u00fadaj\u016f.<\/p>\n<p><!-- \/wp:paragraph --><!-- wp:paragraph {\"align\":\"center\"} --><\/p>\n<p style=\"text-align: center;\"><strong>XII.<\/strong><\/p>\n<p><!-- \/wp:paragraph --><!-- wp:paragraph {\"align\":\"center\"} --><\/p>\n<p style=\"text-align: center;\"><strong>KONTAKT<\/strong><\/p>\n<p><!-- \/wp:paragraph --><!-- wp:paragraph --><\/p>\n<p>Kontaktn\u00ed email ve\u0161kerou komunikaci t\u00fdkaj\u00edc\u00ed se osobn\u00edch \u00fadaj\u016f: <a href=\"mailto:gdpr@aluteckk.cz\">gdpr@aluteckk.cz<\/a><\/p>\n<p><!-- \/wp:paragraph --><!-- wp:paragraph --><\/p>\n<p><strong>D\u011bkujeme v\u00e1m za \u010das,<\/strong> kter\u00fd jste str\u00e1vili p\u0159e\u010dten\u00edm Informac\u00ed o zpracov\u00e1n\u00ed osobn\u00edch \u00fadaj\u016f. Zde najdete \u00fapln\u00e9 zn\u011bn\u00ed na\u0161ich <a href=\"https:\/\/katalog.aluteckk.cz\/standardniprofily\/obchodni-podminky\/\">V\u0161eobecn\u00fdch obchodn\u00edch podm\u00ednek.<\/a><\/p>\n<p>\u00a0<\/p>\n<p>Za ALUTEC KK s.r.o.<\/p>\n<p>David Ko\u010d\u00ed<br \/>jednatel<\/p>\n<p><!-- \/wp:paragraph --><\/p><\/div>\n\t\t\t\t<\/div>\n\t\t\t\t<\/div>\n\t\t\t\t\t\t<\/div>\n\t\t\t<\/div>\n\t\t<\/div>\n\t\t\t\t\t\t<\/div>\n\t\t\t<\/div>\n\t\t<\/section>\n\t\t\t\t<section class=\"elementor-element elementor-element-98efd10 elementor-section-boxed elementor-section-height-default elementor-section-height-default elementor-section elementor-top-section\" data-id=\"98efd10\" data-element_type=\"section\">\n\t\t\t\t\t\t<div class=\"elementor-container elementor-column-gap-default\">\n\t\t\t\t<div class=\"elementor-row\">\n\t\t\t\t<div class=\"elementor-element elementor-element-96172f5 elementor-column elementor-col-100 elementor-top-column\" data-id=\"96172f5\" data-element_type=\"column\">\n\t\t\t<div class=\"elementor-column-wrap  elementor-element-populated\">\n\t\t\t\t\t<div class=\"elementor-widget-wrap\">\n\t\t\t\t<div class=\"elementor-element elementor-element-306b8ed elementor-widget elementor-widget-spacer\" data-id=\"306b8ed\" data-element_type=\"widget\" data-widget_type=\"spacer.default\">\n\t\t\t\t<div class=\"elementor-widget-container\">\n\t\t\t\t\t<div class=\"elementor-spacer\">\n\t\t\t<div class=\"elementor-spacer-inner\"><\/div>\n\t\t<\/div>\n\t\t\t\t<\/div>\n\t\t\t\t<\/div>\n\t\t\t\t\t\t<\/div>\n\t\t\t<\/div>\n\t\t<\/div>\n\t\t\t\t\t\t<\/div>\n\t\t\t<\/div>\n\t\t<\/section>\n\t\t\t\t\t\t<\/div>\n\t\t\t<\/div>\n\t\t<\/div>\n\t\t","protected":false},"excerpt":{"rendered":"<p>Z\u00e1sady ochrany osobn\u00edch \u00fadaj\u016f Spole\u010dnosti ALUTEC KK s.r.o. platn\u00e9 a \u00fa\u010dinn\u00e9 od 25. 5. 2018 \u00a0 Pokud jste na\u0161\u00edm obchodn\u00edm partnerem nebo n\u00e1v\u0161t\u011bvn\u00edkem webu, sv\u011b\u0159ujete n\u00e1m sv\u00e9 osobn\u00ed \u00fadaje a st\u00e1v\u00e1te se subjektem \u00fadaj\u016f. My zodpov\u00edd\u00e1me za ochranu a\u00a0zabezpe\u010den\u00ed osobn\u00edch \u00fadaj\u016f stejn\u011b jako v p\u0159\u00edpad\u011b osobn\u00edch \u00fadaj\u016f na\u0161ich zam\u011bstnanc\u016f a uchaze\u010d\u016f o zam\u011bstn\u00e1n\u00ed. Seznamte se &hellip;<\/p>\n<p class=\"read-more\"> <a class=\"\" href=\"https:\/\/katalog.aluteckk.cz\/standardniprofily\/ochrana-osobnich-udaju\/\"> <span class=\"screen-reader-text\">Z\u00e1sady ochrany osobn\u00edch \u00fadaj\u016f<\/span> Pokra\u010dovat ve \u010dten\u00ed &raquo;<\/a><\/p>\n","protected":false},"author":1,"featured_media":0,"parent":0,"menu_order":0,"comment_status":"closed","ping_status":"open","template":"elementor_header_footer","meta":{"footnotes":""},"_links":{"self":[{"href":"https:\/\/katalog.aluteckk.cz\/standardniprofily\/wp-json\/wp\/v2\/pages\/3"}],"collection":[{"href":"https:\/\/katalog.aluteckk.cz\/standardniprofily\/wp-json\/wp\/v2\/pages"}],"about":[{"href":"https:\/\/katalog.aluteckk.cz\/standardniprofily\/wp-json\/wp\/v2\/types\/page"}],"author":[{"embeddable":true,"href":"https:\/\/katalog.aluteckk.cz\/standardniprofily\/wp-json\/wp\/v2\/users\/1"}],"replies":[{"embeddable":true,"href":"https:\/\/katalog.aluteckk.cz\/standardniprofily\/wp-json\/wp\/v2\/comments?post=3"}],"version-history":[{"count":8,"href":"https:\/\/katalog.aluteckk.cz\/standardniprofily\/wp-json\/wp\/v2\/pages\/3\/revisions"}],"predecessor-version":[{"id":2181,"href":"https:\/\/katalog.aluteckk.cz\/standardniprofily\/wp-json\/wp\/v2\/pages\/3\/revisions\/2181"}],"wp:attachment":[{"href":"https:\/\/katalog.aluteckk.cz\/standardniprofily\/wp-json\/wp\/v2\/media?parent=3"}],"curies":[{"name":"wp","href":"https:\/\/api.w.org\/{rel}","templated":true}]}}